
{"id":2770,"date":"2021-02-15T16:54:34","date_gmt":"2021-02-15T15:54:34","guid":{"rendered":"https:\/\/www.foxy.eu\/?page_id=2770"},"modified":"2023-10-13T14:05:20","modified_gmt":"2023-10-13T12:05:20","slug":"foxy-a-favor-de-unicef","status":"publish","type":"page","link":"https:\/\/www.foxy.eu\/es\/el-compromiso-de-foxy\/foxy-a-favor-de-unicef\/","title":{"rendered":"Foxy a favor de UNICEF"},"content":{"rendered":"<p>[vc_row full_width=\u00bbstretch_row_content\u00bb equal_height=\u00bbyes\u00bb content_placement=\u00bbmiddle\u00bb el_class=\u00bbsotto-hero\u00bb][vc_column width=\u00bb1\/3&#8243;]<div class=\" ubtn-ctn-left btn-freccia btn-freccia-back\"><a class=\"ubtn-link ult-adjust-bottom-margin ubtn-left ubtn-large btn-freccia btn-freccia-back\" href=\"https:\/\/www.foxy.eu\/es\/el-compromiso-de-foxy\/\" title=\"El compromiso de Foxy\" ><button type=\"button\" id=\"ubtn-3371\"  class=\"ubtn ult-adjust-bottom-margin ult-responsive ubtn-large ubtn-no-hover-bg  none  ubtn-left   tooltip-69f06e5421a34\"  data-hover=\"\" data-border-color=\"\" data-bg=\"\" data-hover-bg=\"\" data-border-hover=\"\" data-shadow-hover=\"\" data-shadow-click=\"none\" data-shadow=\"\" data-shd-shadow=\"\"  data-ultimate-target='#ubtn-3371'  data-responsive-json-new='{\"font-size\":\"\",\"line-height\":\"\"}'  style=\"font-weight:normal;border:none;\"><span class=\"ubtn-hover\" style=\"background-color:\"><\/span><span class=\"ubtn-data ubtn-text \" >El compromiso de Foxy<\/span><\/button><\/a><\/div>[\/vc_column][vc_column width=\u00bb1\/3&#8243;][vc_single_image image=\u00bb13955&#8243; img_size=\u00bb\u00bb alignment=\u00bbcenter\u00bb el_class=\u00bblogo-associazione\u00bb][\/vc_column][vc_column width=\u00bb1\/3&#8243;][\/vc_column][\/vc_row][vc_row el_class=\u00bbmbot60&#8243;][vc_column width=\u00bb5\/6&#8243; offset=\u00bbvc_col-lg-offset-2 vc_col-lg-8 vc_col-md-offset-2 vc_col-md-8 vc_col-sm-offset-1&#8243;][vc_column_text el_class=\u00bbtext-center\u00bb]<\/p>\n<h2>En el a\u00f1o 2013, Foxy y UNICEF se congratularon de alcanzar un acuerdo de colaboraci\u00f3n perdurable en el tiempo y dirigido a proyectos en pa\u00edses en v\u00edas desarrollo.<\/h2>\n<p>[\/vc_column_text][\/vc_column][\/vc_row][vc_row equal_height=\u00bbyes\u00bb content_placement=\u00bbmiddle\u00bb el_class=\u00bbmbot100&#8243;][vc_column width=\u00bb1\/2&#8243;][vc_single_image image=\u00bb2780&#8243; img_size=\u00bbfull\u00bb el_class=\u00bbimg-radius img-shadow-basso-destra\u00bb][\/vc_column][vc_column width=\u00bb1\/2&#8243; offset=\u00bbvc_col-lg-offset-1 vc_col-lg-4&#8243;][vc_column_text]<\/p>\n<h3>El proyecto al que se dirige la acci\u00f3n es definido y acordado por ambas partes.<\/h3>\n<p>[\/vc_column_text][vc_column_text]La alianza se lleva a cabo para combatir la pobreza, dado que la complejidad del mundo global en el que vivimos demanda una acci\u00f3n integral.[\/vc_column_text][\/vc_column][\/vc_row][vc_row equal_height=\u00bbyes\u00bb content_placement=\u00bbmiddle\u00bb el_class=\u00bbmbot100&#8243;][vc_column width=\u00bb1\/2&#8243; offset=\u00bbvc_col-lg-offset-1 vc_col-lg-4 vc_col-md-offset-1 vc_col-md-5&#8243;][vc_column_text]<\/p>\n<h2>En el a\u00f1o 2013, Foxy comienza a colaborar con UNICEF en el Proyecto \u201cEscuelas en Mali\u201d<\/h2>\n<p>[\/vc_column_text][vc_column_text]El Proyecto de Foxy \u201cEscuelas en Mal\u00ed\u201d estuvo basado en la <strong>construcci\u00f3n de instalaciones de agua y saneamiento<\/strong> en 13 escuelas durante 6 a\u00f1os, desde 2012 a 2018 y la donaci\u00f3n global al proyecto fueron de m\u00e1s de 700.000\u20ac.<\/p>\n<p>Todo ello supuso una <strong>mejora de las pr\u00e1cticas de higiene y el rendimiento escolar<\/strong> en estos 13 centros con un impacto directo a <strong>m\u00e1s de 4.400 ni\u00f1as y ni\u00f1os<\/strong> de esas Escuelas.<\/p>\n<p>No solo se mejoraron las condiciones sanitarias de esas ni\u00f1as y ni\u00f1os sino que se trabaj\u00f3 con <strong>toda la Comunidad<\/strong> para mejorar sus pr\u00e1cticas de higiene y permiti\u00f3 aumentar la asistencia escolar durante todo el periodo educativo, especialmente de las ni\u00f1as, combatiendo una de las lacras del pa\u00eds que es el analfabetismo femenino.[\/vc_column_text][\/vc_column][vc_column width=\u00bb1\/2&#8243; offset=\u00bbvc_col-lg-offset-2 vc_col-lg-4 vc_col-md-offset-1 vc_col-md-4&#8243; el_class=\u00bbbox-sostieni box-unicef text-center\u00bb][vc_single_image image=\u00bb13990&#8243; img_size=\u00bbfull\u00bb alignment=\u00bbcenter\u00bb][vc_column_text]<\/p>\n<h4>Todos podemos ayudar<\/h4>\n<p>[\/vc_column_text][vc_column_text]Si t\u00fa tambi\u00e9n quieres apoyar a UNICEF,<br \/>\nHazte socio en www.unicef.es<br \/>\no llamando al 900 907 500[\/vc_column_text][\/vc_column][\/vc_row][vc_row full_width=\u00bbstretch_row_content_no_spaces\u00bb][vc_column][vc_single_image image=\u00bb4839&#8243; img_size=\u00bbfull\u00bb alignment=\u00bbcenter\u00bb el_class=\u00bbhidden-xs hidden-sm\u00bb][vc_single_image image=\u00bb4842&#8243; img_size=\u00bbfull\u00bb alignment=\u00bbcenter\u00bb el_class=\u00bbhidden-md hidden-lg hidden-xl\u00bb][\/vc_column][\/vc_row][vc_row el_class=\u00bbmtop100 mbot100&#8243;][vc_column offset=\u00bbvc_col-lg-offset-3 vc_col-lg-6 vc_col-md-offset-2 vc_col-md-8&#8243;][vc_column_text]<\/p>\n<h2>El compromiso de Foxy<\/h2>\n<h3>En 2020, Foxy renov\u00f3 su apoyo a UNICEF con una donaci\u00f3n de 250.000 euros, destinada a diferentes iniciativas nacionales e internacionales.<\/h3>\n<p>[\/vc_column_text][vc_column_text]En el 2019 hemos empezado a apoyar un apasionante proyecto en Costa de Marfil conocido como \u00abNi\u00f1as en la escuela\u00bb.<br \/>\nEl proyecto est\u00e1 dise\u00f1ado <strong>para abordar las desigualidades de g\u00e9nero en el sector educativo<\/strong>, centr\u00e1ndose en la regi\u00f3n m\u00e1s vulnerable y la parte m\u00e1s desfavorecida de la poblaci\u00f3n.<br \/>\nEl objetivo es ayudar al desarrollo del curso completo de escolarizaci\u00f3n b\u00e1sica a 3.500 ni\u00f1as y generar un entorno seguro donde se fomente:<\/p>\n<ul>\n<li>la igualdad de g\u00e9nero<\/li>\n<li>la disponibilidad de material educativo adecuado con profesores cualificados<\/li>\n<li>una adecuada participaci\u00f3n de la comunidad.<\/li>\n<\/ul>\n<p>La educaci\u00f3n, de hecho, es una de las herramientas m\u00e1s eficaces para apoyar el desarrollo de los pa\u00edses en desarrollo.<\/p>\n<p>Adem\u00e1s, con el inicio de la emergencia sanitaria, <strong>Foxy decidi\u00f3 estar del lado de UNICEF tambi\u00e9n en la lucha contra COVID-19<\/strong>. La donaci\u00f3n ha estado destinada a la compra de importantes dispositivos sanitarios, en particular mascarillas, guantes y gafas, destinados a profesionales sanitarios de hospitales espa\u00f1oles.<\/p>\n<p>Junto con UNICEF, todos podemos expresar nuestra cercan\u00eda a los numerosos investigadores, vir\u00f3logos, m\u00e9dicos y enfermeras que, incansablemente, siempre est\u00e1n presentes en los hospitales de toda Espa\u00f1a para ayudar a millones de personas.[\/vc_column_text][\/vc_column][\/vc_row][vc_row equal_height=\u00bbyes\u00bb el_class=\u00bbbanner_schede\u00bb][vc_column offset=\u00bbvc_col-lg-offset-0 vc_col-md-offset-0&#8243;][vc_column_text el_class=\u00bbtext-center title_mondo_foxy_related\u00bb]Descubre el compromiso de Foxy[\/vc_column_text][\/vc_column][vc_column width=\u00bb5\/12&#8243; offset=\u00bbvc_col-lg-offset-1 vc_col-md-offset-1 vc_col-sm-offset-1&#8243;][vc_single_image image=\u00bb12402&#8243; img_size=\u00bbfull\u00bb alignment=\u00bbcenter\u00bb onclick=\u00bbcustom_link\u00bb link=\u00bbhttps:\/\/www.foxy.eu\/es\/el-compromiso-de-foxy\/3bee\/\u00bb][vc_column_text el_class=\u00bbbanner_schede_cta\u00bb]<\/p>\n<div class=\"wpb_text_column wpb_content_element \">\n<div class=\"wpb_wrapper\">\n<p><a href=\"https:\/\/www.foxy.eu\/es\/el-compromiso-de-foxy\/3bee\/\">Foxy a favor de 3Bee<\/a><\/p>\n<\/div>\n<\/div>\n<p>[\/vc_column_text][\/vc_column][vc_column width=\u00bb5\/12&#8243; offset=\u00bbvc_col-lg-offset-0 vc_col-md-offset-0&#8243;][vc_single_image image=\u00bb12407&#8243; img_size=\u00bbfull\u00bb alignment=\u00bbcenter\u00bb onclick=\u00bbcustom_link\u00bb link=\u00bbhttps:\/\/www.foxy.eu\/es\/el-compromiso-de-foxy\/etiqueta-transparencia\/\u00bb][vc_column_text el_class=\u00bbbanner_schede_cta\u00bb]<a href=\"https:\/\/www.foxy.eu\/es\/el-compromiso-de-foxy\/etiqueta-transparencia\/\">Etiqueta de transparencia<\/a>[\/vc_column_text][\/vc_column][\/vc_row]<\/p>\n","protected":false},"excerpt":{"rendered":"<p>[vc_row full_width=\u00bbstretch_row_content\u00bb equal_height=\u00bbyes\u00bb content_placement=\u00bbmiddle\u00bb el_class=\u00bbsotto-hero\u00bb][vc_column width=\u00bb1\/3&#8243;][\/vc_column][vc_column width=\u00bb1\/3&#8243;][vc_single_image image=\u00bb13955&#8243; img_size=\u00bb\u00bb alignment=\u00bbcenter\u00bb el_class=\u00bblogo-associazione\u00bb][\/vc_column][vc_column width=\u00bb1\/3&#8243;][\/vc_column][\/vc_row][vc_row el_class=\u00bbmbot60&#8243;][vc_column width=\u00bb5\/6&#8243; offset=\u00bbvc_col-lg-offset-2 vc_col-lg-8 vc_col-md-offset-2 vc_col-md-8 vc_col-sm-offset-1&#8243;][vc_column_text el_class=\u00bbtext-center\u00bb] En el a\u00f1o 2013, Foxy y UNICEF se congratularon de&#8230;<\/p>\n","protected":false},"author":1,"featured_media":0,"parent":10795,"menu_order":0,"comment_status":"closed","ping_status":"closed","template":"template-page-mondo-foxy.php","meta":[],"categories":[],"tags":[],"yoast_head":"<!-- This site is optimized with the Yoast SEO plugin v19.14 - https:\/\/yoast.com\/wordpress\/plugins\/seo\/ -->\n<title>Foxy a favor de UNICEF - Foxy<\/title>\n<meta name=\"robots\" content=\"index, follow, max-snippet:-1, max-image-preview:large, max-video-preview:-1\" \/>\n<link rel=\"canonical\" href=\"https:\/\/www.foxy.eu\/es\/el-compromiso-de-foxy\/foxy-a-favor-de-unicef\/\" \/>\n<meta property=\"og:locale\" content=\"es_ES\" \/>\n<meta property=\"og:type\" content=\"article\" \/>\n<meta property=\"og:title\" content=\"Foxy a favor de UNICEF - Foxy\" \/>\n<meta property=\"og:description\" content=\"[vc_row full_width=\u00bbstretch_row_content\u00bb equal_height=\u00bbyes\u00bb content_placement=\u00bbmiddle\u00bb el_class=\u00bbsotto-hero\u00bb][vc_column width=\u00bb1\/3&#8243;][\/vc_column][vc_column width=\u00bb1\/3&#8243;][vc_single_image image=\u00bb13955&#8243; img_size=\u00bb\u00bb alignment=\u00bbcenter\u00bb el_class=\u00bblogo-associazione\u00bb][\/vc_column][vc_column width=\u00bb1\/3&#8243;][\/vc_column][\/vc_row][vc_row el_class=\u00bbmbot60&#8243;][vc_column width=\u00bb5\/6&#8243; offset=\u00bbvc_col-lg-offset-2 vc_col-lg-8 vc_col-md-offset-2 vc_col-md-8 vc_col-sm-offset-1&#8243;][vc_column_text el_class=\u00bbtext-center\u00bb] En el a\u00f1o 2013, Foxy y UNICEF se congratularon de...\" \/>\n<meta property=\"og:url\" content=\"https:\/\/www.foxy.eu\/es\/el-compromiso-de-foxy\/foxy-a-favor-de-unicef\/\" \/>\n<meta property=\"og:site_name\" content=\"Foxy\" \/>\n<meta property=\"article:publisher\" content=\"https:\/\/www.facebook.com\/Foxy.Italia\" \/>\n<meta property=\"article:modified_time\" content=\"2023-10-13T12:05:20+00:00\" \/>\n<meta name=\"twitter:card\" content=\"summary_large_image\" \/>\n<meta name=\"twitter:label1\" content=\"Est. reading time\" \/>\n\t<meta name=\"twitter:data1\" content=\"3 minutos\" \/>\n<script type=\"application\/ld+json\" class=\"yoast-schema-graph\">{\"@context\":\"https:\/\/schema.org\",\"@graph\":[{\"@type\":\"WebPage\",\"@id\":\"https:\/\/www.foxy.eu\/es\/el-compromiso-de-foxy\/foxy-a-favor-de-unicef\/\",\"url\":\"https:\/\/www.foxy.eu\/es\/el-compromiso-de-foxy\/foxy-a-favor-de-unicef\/\",\"name\":\"Foxy a favor de UNICEF - Foxy\",\"isPartOf\":{\"@id\":\"https:\/\/www.foxy.eu\/#website\"},\"datePublished\":\"2021-02-15T15:54:34+00:00\",\"dateModified\":\"2023-10-13T12:05:20+00:00\",\"breadcrumb\":{\"@id\":\"https:\/\/www.foxy.eu\/es\/el-compromiso-de-foxy\/foxy-a-favor-de-unicef\/#breadcrumb\"},\"inLanguage\":\"es\",\"potentialAction\":[{\"@type\":\"ReadAction\",\"target\":[\"https:\/\/www.foxy.eu\/es\/el-compromiso-de-foxy\/foxy-a-favor-de-unicef\/\"]}]},{\"@type\":\"BreadcrumbList\",\"@id\":\"https:\/\/www.foxy.eu\/es\/el-compromiso-de-foxy\/foxy-a-favor-de-unicef\/#breadcrumb\",\"itemListElement\":[{\"@type\":\"ListItem\",\"position\":1,\"name\":\"Home\",\"item\":\"https:\/\/www.foxy.eu\/es\/\"},{\"@type\":\"ListItem\",\"position\":2,\"name\":\"El compromiso de Foxy\",\"item\":\"https:\/\/www.foxy.eu\/es\/el-compromiso-de-foxy\/\"},{\"@type\":\"ListItem\",\"position\":3,\"name\":\"Foxy a favor de UNICEF\"}]},{\"@type\":\"WebSite\",\"@id\":\"https:\/\/www.foxy.eu\/#website\",\"url\":\"https:\/\/www.foxy.eu\/\",\"name\":\"Foxy\",\"description\":\"Un nuovo sito targato WordPress\",\"publisher\":{\"@id\":\"https:\/\/www.foxy.eu\/#organization\"},\"alternateName\":\"Scopri tutta la gamma di prodotti e iniziative Foxy. Abbiamo pensato a un mondo su misura per te.\",\"potentialAction\":[{\"@type\":\"SearchAction\",\"target\":{\"@type\":\"EntryPoint\",\"urlTemplate\":\"https:\/\/www.foxy.eu\/?s={search_term_string}\"},\"query-input\":\"required name=search_term_string\"}],\"inLanguage\":\"es\"},{\"@type\":\"Organization\",\"@id\":\"https:\/\/www.foxy.eu\/#organization\",\"name\":\"Foxy | Sempre vicina a te!\",\"alternateName\":\"Scopri tutta la gamma di prodotti e iniziative Foxy. Abbiamo pensato a un mondo su misura per te.\",\"url\":\"https:\/\/www.foxy.eu\/\",\"logo\":{\"@type\":\"ImageObject\",\"inLanguage\":\"es\",\"@id\":\"https:\/\/www.foxy.eu\/#\/schema\/logo\/image\/\",\"url\":\"https:\/\/enkaz3824io.exactdn.com\/wp-content\/uploads\/2020\/07\/hp_big_logo@2x.png?strip=all&lossy=1&ssl=1\",\"contentUrl\":\"https:\/\/enkaz3824io.exactdn.com\/wp-content\/uploads\/2020\/07\/hp_big_logo@2x.png?strip=all&lossy=1&ssl=1\",\"width\":518,\"height\":366,\"caption\":\"Foxy | Sempre vicina a te!\"},\"image\":{\"@id\":\"https:\/\/www.foxy.eu\/#\/schema\/logo\/image\/\"},\"sameAs\":[\"https:\/\/www.instagram.com\/foxy\/\",\"https:\/\/www.youtube.com\/channel\/UCpCfvrNg7u0O0jSeH9B9ygA\",\"https:\/\/www.facebook.com\/Foxy.Italia\"]}]}<\/script>\n<!-- \/ Yoast SEO plugin. -->","yoast_head_json":{"title":"Foxy a favor de UNICEF - Foxy","robots":{"index":"index","follow":"follow","max-snippet":"max-snippet:-1","max-image-preview":"max-image-preview:large","max-video-preview":"max-video-preview:-1"},"canonical":"https:\/\/www.foxy.eu\/es\/el-compromiso-de-foxy\/foxy-a-favor-de-unicef\/","og_locale":"es_ES","og_type":"article","og_title":"Foxy a favor de UNICEF - Foxy","og_description":"[vc_row full_width=\u00bbstretch_row_content\u00bb equal_height=\u00bbyes\u00bb content_placement=\u00bbmiddle\u00bb el_class=\u00bbsotto-hero\u00bb][vc_column width=\u00bb1\/3&#8243;][\/vc_column][vc_column width=\u00bb1\/3&#8243;][vc_single_image image=\u00bb13955&#8243; img_size=\u00bb\u00bb alignment=\u00bbcenter\u00bb el_class=\u00bblogo-associazione\u00bb][\/vc_column][vc_column width=\u00bb1\/3&#8243;][\/vc_column][\/vc_row][vc_row el_class=\u00bbmbot60&#8243;][vc_column width=\u00bb5\/6&#8243; offset=\u00bbvc_col-lg-offset-2 vc_col-lg-8 vc_col-md-offset-2 vc_col-md-8 vc_col-sm-offset-1&#8243;][vc_column_text el_class=\u00bbtext-center\u00bb] En el a\u00f1o 2013, Foxy y UNICEF se congratularon de...","og_url":"https:\/\/www.foxy.eu\/es\/el-compromiso-de-foxy\/foxy-a-favor-de-unicef\/","og_site_name":"Foxy","article_publisher":"https:\/\/www.facebook.com\/Foxy.Italia","article_modified_time":"2023-10-13T12:05:20+00:00","twitter_card":"summary_large_image","twitter_misc":{"Est. reading time":"3 minutos"},"schema":{"@context":"https:\/\/schema.org","@graph":[{"@type":"WebPage","@id":"https:\/\/www.foxy.eu\/es\/el-compromiso-de-foxy\/foxy-a-favor-de-unicef\/","url":"https:\/\/www.foxy.eu\/es\/el-compromiso-de-foxy\/foxy-a-favor-de-unicef\/","name":"Foxy a favor de UNICEF - Foxy","isPartOf":{"@id":"https:\/\/www.foxy.eu\/#website"},"datePublished":"2021-02-15T15:54:34+00:00","dateModified":"2023-10-13T12:05:20+00:00","breadcrumb":{"@id":"https:\/\/www.foxy.eu\/es\/el-compromiso-de-foxy\/foxy-a-favor-de-unicef\/#breadcrumb"},"inLanguage":"es","potentialAction":[{"@type":"ReadAction","target":["https:\/\/www.foxy.eu\/es\/el-compromiso-de-foxy\/foxy-a-favor-de-unicef\/"]}]},{"@type":"BreadcrumbList","@id":"https:\/\/www.foxy.eu\/es\/el-compromiso-de-foxy\/foxy-a-favor-de-unicef\/#breadcrumb","itemListElement":[{"@type":"ListItem","position":1,"name":"Home","item":"https:\/\/www.foxy.eu\/es\/"},{"@type":"ListItem","position":2,"name":"El compromiso de Foxy","item":"https:\/\/www.foxy.eu\/es\/el-compromiso-de-foxy\/"},{"@type":"ListItem","position":3,"name":"Foxy a favor de UNICEF"}]},{"@type":"WebSite","@id":"https:\/\/www.foxy.eu\/#website","url":"https:\/\/www.foxy.eu\/","name":"Foxy","description":"Un nuovo sito targato WordPress","publisher":{"@id":"https:\/\/www.foxy.eu\/#organization"},"alternateName":"Scopri tutta la gamma di prodotti e iniziative Foxy. Abbiamo pensato a un mondo su misura per te.","potentialAction":[{"@type":"SearchAction","target":{"@type":"EntryPoint","urlTemplate":"https:\/\/www.foxy.eu\/?s={search_term_string}"},"query-input":"required name=search_term_string"}],"inLanguage":"es"},{"@type":"Organization","@id":"https:\/\/www.foxy.eu\/#organization","name":"Foxy | Sempre vicina a te!","alternateName":"Scopri tutta la gamma di prodotti e iniziative Foxy. Abbiamo pensato a un mondo su misura per te.","url":"https:\/\/www.foxy.eu\/","logo":{"@type":"ImageObject","inLanguage":"es","@id":"https:\/\/www.foxy.eu\/#\/schema\/logo\/image\/","url":"https:\/\/enkaz3824io.exactdn.com\/wp-content\/uploads\/2020\/07\/hp_big_logo@2x.png?strip=all&lossy=1&ssl=1","contentUrl":"https:\/\/enkaz3824io.exactdn.com\/wp-content\/uploads\/2020\/07\/hp_big_logo@2x.png?strip=all&lossy=1&ssl=1","width":518,"height":366,"caption":"Foxy | Sempre vicina a te!"},"image":{"@id":"https:\/\/www.foxy.eu\/#\/schema\/logo\/image\/"},"sameAs":["https:\/\/www.instagram.com\/foxy\/","https:\/\/www.youtube.com\/channel\/UCpCfvrNg7u0O0jSeH9B9ygA","https:\/\/www.facebook.com\/Foxy.Italia"]}]}},"_links":{"self":[{"href":"https:\/\/www.foxy.eu\/es\/wp-json\/wp\/v2\/pages\/2770"}],"collection":[{"href":"https:\/\/www.foxy.eu\/es\/wp-json\/wp\/v2\/pages"}],"about":[{"href":"https:\/\/www.foxy.eu\/es\/wp-json\/wp\/v2\/types\/page"}],"author":[{"embeddable":true,"href":"https:\/\/www.foxy.eu\/es\/wp-json\/wp\/v2\/users\/1"}],"replies":[{"embeddable":true,"href":"https:\/\/www.foxy.eu\/es\/wp-json\/wp\/v2\/comments?post=2770"}],"version-history":[{"count":27,"href":"https:\/\/www.foxy.eu\/es\/wp-json\/wp\/v2\/pages\/2770\/revisions"}],"predecessor-version":[{"id":13995,"href":"https:\/\/www.foxy.eu\/es\/wp-json\/wp\/v2\/pages\/2770\/revisions\/13995"}],"up":[{"embeddable":true,"href":"https:\/\/www.foxy.eu\/es\/wp-json\/wp\/v2\/pages\/10795"}],"wp:attachment":[{"href":"https:\/\/www.foxy.eu\/es\/wp-json\/wp\/v2\/media?parent=2770"}],"wp:term":[{"taxonomy":"category","embeddable":true,"href":"https:\/\/www.foxy.eu\/es\/wp-json\/wp\/v2\/categories?post=2770"},{"taxonomy":"post_tag","embeddable":true,"href":"https:\/\/www.foxy.eu\/es\/wp-json\/wp\/v2\/tags?post=2770"}],"curies":[{"name":"wp","href":"https:\/\/api.w.org\/{rel}","templated":true}]}}